{"id":223,"date":"2021-03-13T15:46:41","date_gmt":"2021-03-13T15:46:52","guid":{"rendered":"https:\/\/www.evacapkova.eu\/index.php\/o-mne\/"},"modified":"2026-01-11T06:43:43","modified_gmt":"2026-01-11T06:43:43","slug":"o-mne","status":"publish","type":"page","link":"https:\/\/www.evacapkova.eu\/index.php\/o-mne\/","title":{"rendered":"O m\u00e9 v\u00fdtvarn\u00e9 pr\u00e1ci\/About my artistic work"},"content":{"rendered":"\n<p><\/p>\n\n\n<h2>O malb\u011b\/About painting<\/h2>\n<\/p>\n\n\n<details class=\"wp-block-details alignwide is-layout-flow wp-block-details-is-layout-flow\"><summary><br><strong>Malba magnety<\/strong><br>Na pl\u00e1tn\u011b pracuji r\u00e1da s magnetick\u00fdmi poli. Jako v\u00fdchoz\u00ed bod pou\u017e\u00edv\u00e1m fer itov\u00e9 magnety, d\u00e1le \u017eelezn\u00e9 piliny a n\u011bkdy i akrylov\u00e9 barvy. Z kovov\u00fdch pilin vytv\u00e1\u0159\u00edm pomoc\u00ed magnet\u016f nejr\u016fzn\u011bj\u0161\u00ed tvary a upev\u0148uji je na pl\u00e1tno barvami, lepidly a dal\u0161\u00edmi tekutinami. Pou\u017e\u00edv\u00e1m magnety r\u016fzn\u00fdch velikost\u00ed, s jejich\u017e pomoc\u00ed mohu vytv\u00e1\u0159et r\u016fznorod\u00e9 kompozice a aktivn\u011b ur\u010dovat charakter magnetick\u00fdch pol\u00ed. Sv\u00fdm d\u00edl\u016fm mohu d\u00e1t abstraktn\u00ed i figurativn\u00ed v\u00fdraz. Do sv\u00fdch maleb zapojuji i dal\u0161\u00ed p\u0159\u00edrodn\u00ed proces \u2013 korozi \u2013, kter\u00e1 dod\u00e1v\u00e1 m\u00fdm obraz\u016fm barvy zemit\u00fdch hn\u011bd\u00fdch t\u00f3n\u016f. S barvami v\u0161ak mohu pracovat stejn\u011b jako v \u201eklasick\u00e9\u201c malb\u011b a vytv\u00e1\u0159et r\u016fznorod\u00e9 barevn\u00e9 p\u0159echody. Korozi kovov\u00fdch pilin v\u0161ak mohu kontrolovat jen do ur\u010dit\u00e9 m\u00edry; pln\u00fd barevn\u00fd v\u00fdsledek se projev\u00ed a\u017e po dob\u011b schnut\u00ed, co\u017e m\u016f\u017ee trvat i t\u00fddny. \u010cek\u00e1n\u00ed a pozorov\u00e1n\u00ed barevn\u00fdch zm\u011bn je tedy v\u017edy velk\u00fdm dobrodru\u017estv\u00edm. Svoji malbou a grafickou tvorbou poukazuji na p\u0159\u00edrodu a jej\u00ed z\u00e1konitosti, kter\u00e9 jsou pro lidsk\u00e9 oko \u010dasto neviditeln\u00e9, a na sv\u00fdch pl\u00e1tnech se sna\u017e\u00edm zachytit a zviditelnit alespo\u0148 kr\u00e1tk\u00fd okam\u017eik jej\u00edho byt\u00ed.<\/summary>\n<p><\/p>\n<\/details>\n\n\n\n<details class=\"wp-block-details alignwide is-layout-flow wp-block-details-is-layout-flow\"><summary><br><strong>Painting with Magnets<\/strong><br>On canvas, I primarily work with magnetic fields. As a starting point, I use ferromagnets, as well as iron filings and sometimes acrylic paints. I create various shapes from metal filings using magnets and secure them to the canvas with paint, adhesives, and other liquids. I use ferromagnets of different sizes, with which I can create diverse compositions and actively determine the character of the magnetic fields. My works can have both abstract and figurative expressions.<br>Another natural process involved in my painting is corrosion, which gives my paintings earthy brown tones. However, I can also work with colours just like in &#8222;classical&#8220; painting and create various colour transitions. I can however only control the corrosion of the metal filings to a certain extent; the full colour result only reveals itself after the drying time, which can take weeks. Thus, waiting and observing the colour changes is always a great adventure.<br>Through my painting and graphic work, I draw attention to nature and its laws, which are often invisible to the human eye, and on my canvases, I strive to capture and make visible at least a brief moment of its existence.<\/summary>\n<p><\/p>\n<\/details>\n\n\n\n<details class=\"wp-block-details alignwide is-layout-flow wp-block-details-is-layout-flow\"><summary><br><strong>T\u011b\u017ek\u00e1 oblaka<\/strong><br>Cyklus prac\u00ed s n\u00e1zvem \u201eT\u011b\u017ek\u00e1 oblaka\u201c se vztahuje k na\u0161emu jsoucnu \u2013 jsou to pr\u00e1v\u011b oblaka, kter\u00e1 doprov\u00e1z\u00ed \u010dlov\u011bka od sam\u00fdch jeho po\u010d\u00e1tk\u016f. Sta\u010d\u00ed jen pozvednout hlavu a zad\u00edvat se do nich.<br>Toto t\u00e9ma m\u011b vedlo k dal\u0161\u00edmu zamy\u0161len\u00ed o vztahu mezi p\u0159\u00edrodou a mytologi\u00ed. Anti\u010dt\u00ed bohov\u00e9 toti\u017e do oblak zahalovali hrdiny, aby jim pomohli uniknout osudu. Oblak je zde \u010dasto sou\u010d\u00e1st\u00ed klamu a podvodu. V Bibli oblaka odd\u011bluj\u00ed sf\u00e9ru nebeskou a pozemskou, ale p\u0159edstavuj\u00ed n\u011bkdy i samotnou p\u0159\u00edtomnost Boha. Oblaka mohou rovn\u011b\u017e symbolizovat hled\u00e1n\u00ed n\u011b\u010deho vy\u0161\u0161\u00edho n\u011bkde tam naho\u0159e. Mraky mohou zahalovat, t\u00edm v\u0161ak poukazuj\u00ed i na to, co m\u00e1 b\u00fdt skryto, a svoj\u00ed p\u0159\u00edtomnost\u00ed upozor\u0148uj\u00ed, poodhaluj\u00ed a t\u00edm jit\u0159\u00ed na\u0161i zv\u011bdavost.<\/summary>\n<p><\/p>\n<\/details>\n\n\n\n<details class=\"wp-block-details alignwide is-layout-flow wp-block-details-is-layout-flow\"><summary><br><strong>Heavy Clouds<\/strong><br>The cycle of works titled \u201cHeavy Clouds\u201d relates to our existence \u2013 clouds have accompanied humanity since its very beginnings. It is enough to simply lift one&#8217;s head and gaze at them.<br>This theme led me to further contemplation on the relationship between nature and mythology. Ancient gods often shrouded heroes in clouds to help them escape their fate. The cloud is often a part of deception and trickery. In the Bible, clouds separate the heavenly and earthly realms, but they also sometimes represent the very presence of God. Clouds can also symbolise the search for something higher up there. They can conceal, but in doing so, they point to what is meant to be hidden, and their presence alerts, reveals, and thus stirs our curiosity.<\/summary>\n<p><\/p>\n<\/details>\n\n\n\n<details class=\"wp-block-details alignwide is-layout-flow wp-block-details-is-layout-flow\"><summary><br><strong>Sv\u011bdci \u010dasu<\/strong><br>Dal\u0161\u00edm t\u00e9matem jsou \u201esv\u011bdci\u201c. Pod t\u00edmto pojmem rozum\u00edm nap\u0159\u00edklad kameny, jako jsou menhiry, r\u016fzn\u00e9 skaln\u00ed \u00fatvary v krajin\u011b nebo i posv\u00e1tn\u00e9 stromy, kter\u00e9 s n\u00e1mi sd\u00edlej\u00ed stejn\u00fd prostor, ale ne \u010das. Pro tyto sv\u011bdky je n\u00e1\u0161 \u017eivot pouze drobnou epizodou. Jsou to sv\u011bdci prom\u011bn okoln\u00ed krajiny a na\u0161ich \u017eivot\u016f, vedle nich\u017e vypad\u00e1 ten n\u00e1\u0161 jako \u017eivot jepi\u010d\u00ed.<br>Podle rumunsk\u00e9ho filozofa Mircea Eliadeho se mohou p\u0159\u00edrodn\u00ed jevy, v\u010detn\u011b kamen\u016f, skal a strom\u016f, rozz\u00e1\u0159it posv\u00e1tn\u00fdm v\u00fdznamem. Vystoup\u00ed ze stejnorod\u00e9ho proudu vjem\u016f jako n\u011bco mimo\u0159\u00e1dn\u00e9ho. To znamen\u00e1, \u017ee z\u00e1rove\u0148 poukazuj\u00ed mimo sebe. Posv\u00e1tn\u00fd k\u00e1men nebo strom je n\u00e1hle jakoby zalit sv\u011btlem. St\u00e1v\u00e1 se \u017eivouc\u00ed \u0161ifrou transcendence. Zachytit takov\u00fd moment jsem se pokusila v malb\u00e1ch, kter\u00e9 se op\u00edraj\u00ed o re\u00e1ln\u00e9 p\u0159\u00edrodn\u00ed p\u0159edlohy, jako jsou kameny na Klepci, sk\u00e1la ve Svat\u00e9m Janu pod Skalou nebo monolit Velk\u00fd past\u00fd\u0159 u obce Klobuky. Jedn\u00e1 se o individua, kter\u00e1 upoutaj\u00ed svou vnit\u0159n\u00ed silou. Jsou magick\u00e1, chceme-li. Stala se c\u00edli poutn\u00edk\u016f, m\u00edsty, kter\u00e1 nut\u00ed \u010dlov\u011bka ke zti\u0161en\u00ed a usebr\u00e1n\u00ed. U t\u011bchto t\u0159\u00ed obraz\u016f jsem pracovala s p\u0159\u00edrodn\u00edmi pigmenty a hl\u00ednou nasb\u00edranou v jejich kraji. Jsou tedy vytvo\u0159eny z toho, z \u010deho opravdu poch\u00e1z\u00ed. <\/summary>\n<p><\/p>\n\n\n\n<p><\/p>\n<\/details>\n\n\n\n<div class=\"wp-block-columns alignwide is-layout-flex wp-container-core-columns-is-layout-9d6595d7 wp-block-columns-is-layout-flex\">\n<div class=\"wp-block-column is-layout-flow wp-block-column-is-layout-flow\" style=\"flex-basis:100%\">\n<p><strong>Witnesses of Time<\/strong><\/p>\n<\/div>\n<\/div>\n\n\n\n<div class=\"wp-block-columns alignwide is-layout-flex wp-container-core-columns-is-layout-9d6595d7 wp-block-columns-is-layout-flex\">\n<div class=\"wp-block-column is-layout-flow wp-block-column-is-layout-flow\" style=\"flex-basis:100%\">\n<p>Another theme is \u201cwitnesses\u201d. With this term, I mean, for example, stones such as menhirs, various rock formations in the landscape, or sacred trees that share the same space with us but not the same time. For these witnesses, our life is merely a minor episode. They are witnesses to the transformations of the surrounding landscape and our lives, beside which ours appears as a fleeting existence.<\/p>\n<\/div>\n<\/div>\n\n\n\n<div class=\"wp-block-columns alignwide is-layout-flex wp-container-core-columns-is-layout-9d6595d7 wp-block-columns-is-layout-flex\">\n<div class=\"wp-block-column is-layout-flow wp-block-column-is-layout-flow\" style=\"flex-basis:100%\">\n<p>According to the Romanian philosopher Mircea Eliade, natural phenomena, including stones, rocks, and trees, can shine with sacred significance. They emerge from the homogeneous stream of perceptions as something extraordinary. This means that they simultaneously point beyond themselves. A sacred stone or tree suddenly seems to be bathed in holy light. It becomes a living cipher of transcendence. I attempted to capture such a moment in paintings that rely on real natural templates, such as stones at Klepec, the rock in Svat\u00fd Jan pod Skalou, or the monolith Velk\u00fd past\u00fd\u0159 near the village of Klobuky. I have pulled them from their natural environment and bathed them in light. They are individuals that captivate with their inner strength. They are magical, if you will. They have become destinations for pilgrims, places that compel a person to quietness and reflection. For these three paintings, I worked with natural pigments and clay gathered from their region. They are thus created from what they truly originate from.<\/p>\n<\/div>\n<\/div>\n\n\n\n<details class=\"wp-block-details alignwide is-layout-flow wp-block-details-is-layout-flow\"><summary><br><strong>Zahrady<\/strong><br>Rostlinn\u00e1 \u0159\u00ed\u0161e kontrastuje svoj\u00ed jemnost\u00ed a k\u0159ehkost\u00ed s robustnost\u00ed skal a s jakoby nem\u011bnnou podobou jejich \u00fatvar\u016f. Zahrady jsou v um\u011bn\u00ed \u010dasto zobrazov\u00e1ny jako prostory relaxace a meditace. Mohou evokovat pocit harmonie a klidu. Moje zahrady jsou v\u0161ak sp\u00ed\u0161e zobrazen\u00edm neklidu, neust\u00e1l\u00e9ho pohybu, kolob\u011bhu p\u0159\u00edrody, ale vit\u00e1ln\u00ed s\u00edly, kter\u00e1 je p\u0159\u00edrod\u011b vlastn\u00ed.<\/summary>\n<p><\/p>\n<\/details>\n\n\n\n<details class=\"wp-block-details alignwide is-layout-flow wp-block-details-is-layout-flow\"><summary><br><strong>Gardens<\/strong><br>The plant kingdom contrasts with its delicacy and fragility against the robustness of rocks and the seemingly immutable forms of their structures. Gardens are often depicted in art as spaces for relaxation and meditation. They can evoke a sense of harmony and tranquillity. However, my gardens are more a depiction of unrest, constant movement, the cycle of nature, and the vital force inherent in nature.<\/summary>\n<p><\/p>\n<\/details>\n\n\n\n<p><\/p>\n\n\n\n<p><\/p>\n\n\n\n<p><\/p>\n\n\n\n<p><\/p>\n\n\n\n<p><\/p>\n\n\n\n<h2 class=\"wp-block-heading\">Grafika\/Graphics<\/h2>\n\n\n\n<details class=\"wp-block-details alignwide is-layout-flow wp-block-details-is-layout-flow\"><summary><br><br><strong>Grafika<\/strong><br>Ve sv\u00e9m grafick\u00e9m d\u00edle vyu\u017e\u00edv\u00e1m p\u0159edev\u0161\u00edm techniky Vladim\u00edra Boudn\u00edka, kter\u00fdmi jsem se l\u00e9ta zab\u00fdvala teoreticky. Jsou jimi aktivn\u00ed, struktur\u00e1ln\u00ed a p\u0159edev\u0161\u00edm magnetick\u00e1 grafika, kterou jsem \u201eznovu o\u017eivila\u201c za podpory Old\u0159icha Hamery.<br><strong>Monotyp:<\/strong><br>P\u0159i pr\u00e1ci v t\u00e9to technice se mi poda\u0159ilo vyvinout vlastn\u00ed postup. Vytv\u00e1\u0159\u00edm obrazy, kter\u00e9 nejsou nepodobn\u00e9 dendritick\u00fdm vzor\u016fm p\u0159\u00edrody, kter\u00e9 m\u016f\u017eeme v zim\u011b \u010dasto obdivovat na zamrzl\u00fdch oknech, ale mohou b\u00fdt tak\u00e9 sou\u010d\u00e1st\u00ed kresby ach\u00e1t\u016f. Napodobuji tvo\u0159ivou s\u00edlu p\u0159\u00edrody a op\u011bt pracuji s pomoc\u00ed jej\u00edch princip\u016f, kter\u00e9 u\u010d\u00ed \u010dlov\u011bka nejen o na\u0161em sv\u011bt\u011b, ale tak\u00e9 mnoh\u00e9 o sob\u011b sam\u00e9m. V t\u00e9to technice jsem vytvo\u0159ila n\u011bkolik tematick\u00fdch cykl\u016f. Jsou jimi kameny a krystaly, figurativn\u00ed cyklus s n\u00e1zvem Tot\u00e1ln\u00ed torza \u010di abstraktn\u00ed pr\u00e1ce, ve kter\u00fdch kombinuji monotypick\u00e9 postupy a magnetickou grafiku.<\/summary>\n<p><\/p>\n<\/details>\n\n\n\n<details class=\"wp-block-details alignwide is-layout-flow wp-block-details-is-layout-flow\"><summary><br><strong>Graphics<\/strong><br>In my graphic work, I primarily use the techniques of the Czech artist Vladim\u00edr Boudn\u00edk (1924 \u2013 1968), which I have studied theoretically for many years. These include active, structural, and especially magnetic graphics, which I \u201crevived\u201d with the support of the painter Old\u0159ich Hamera (1944 \u2013 2021).<br><strong>Monotype<br><\/strong> While working in this technique, I managed to develop my own process. I create images that are not unlike the dendritic patterns of nature, which we can often admire on frozen windows in winter, but they can also be part of the drawing of agates. I mimic the creative power of nature and again work with the help of its principles, which teach a person not only about our world but also much about themselves.<br>With this technique, I have created several thematic cycles. These include stones and crystals, a figurative cycle titled Total Torsos, and abstract works in which I combine monotype and magnetic graphics.<\/summary>\n<p><\/p>\n<\/details>\n\n\n\n<p><\/p>\n","protected":false},"excerpt":{"rendered":"<p>O malb\u011b\/About painting Witnesses of Time Another theme is \u201cwitnesses\u201d. With this term, I mean, for example, stones such as menhirs, various rock formations in the landscape, or sacred trees that share the same space with us but not the same time. For these witnesses, our life is merely a minor episode. They are witnesses&hellip; <a class=\"more-link\" href=\"https:\/\/www.evacapkova.eu\/index.php\/o-mne\/\"><span class=\"screen-reader-text\">O m\u00e9 v\u00fdtvarn\u00e9 pr\u00e1ci\/About my artistic work<\/span> weiterlesen<\/a><\/p>\n","protected":false},"author":1,"featured_media":0,"parent":0,"menu_order":6,"comment_status":"closed","ping_status":"closed","template":"","meta":{"footnotes":""},"class_list":["post-223","page","type-page","status-publish","hentry","entry"],"yoast_head":"<!-- This site is optimized with the Yoast SEO plugin v27.5 - https:\/\/yoast.com\/product\/yoast-seo-wordpress\/ -->\n<title>O m\u00e9 v\u00fdtvarn\u00e9 pr\u00e1ci\/About my artistic work - Eva \u010capkov\u00e1<\/title>\n<meta name=\"robots\" content=\"index, follow, max-snippet:-1, max-image-preview:large, max-video-preview:-1\" \/>\n<link rel=\"canonical\" href=\"https:\/\/www.evacapkova.eu\/index.php\/o-mne\/\" \/>\n<meta property=\"og:locale\" content=\"de_DE\" \/>\n<meta property=\"og:type\" content=\"article\" \/>\n<meta property=\"og:title\" content=\"O m\u00e9 v\u00fdtvarn\u00e9 pr\u00e1ci\/About my artistic work - Eva \u010capkov\u00e1\" \/>\n<meta property=\"og:description\" content=\"O malb\u011b\/About painting Witnesses of Time Another theme is \u201cwitnesses\u201d. With this term, I mean, for example, stones such as menhirs, various rock formations in the landscape, or sacred trees that share the same space with us but not the same time. For these witnesses, our life is merely a minor episode. They are witnesses&hellip; O m\u00e9 v\u00fdtvarn\u00e9 pr\u00e1ci\/About my artistic work weiterlesen\" \/>\n<meta property=\"og:url\" content=\"https:\/\/www.evacapkova.eu\/index.php\/o-mne\/\" \/>\n<meta property=\"og:site_name\" content=\"Eva \u010capkov\u00e1\" \/>\n<meta property=\"article:modified_time\" content=\"2026-01-11T06:43:43+00:00\" \/>\n<meta name=\"twitter:card\" content=\"summary_large_image\" \/>\n<meta name=\"twitter:label1\" content=\"Gesch\u00e4tzte Lesezeit\" \/>\n\t<meta name=\"twitter:data1\" content=\"8\u00a0Minuten\" \/>\n<script type=\"application\/ld+json\" class=\"yoast-schema-graph\">{\"@context\":\"https:\\\/\\\/schema.org\",\"@graph\":[{\"@type\":\"WebPage\",\"@id\":\"https:\\\/\\\/www.evacapkova.eu\\\/index.php\\\/o-mne\\\/\",\"url\":\"https:\\\/\\\/www.evacapkova.eu\\\/index.php\\\/o-mne\\\/\",\"name\":\"O m\u00e9 v\u00fdtvarn\u00e9 pr\u00e1ci\\\/About my artistic work - Eva \u010capkov\u00e1\",\"isPartOf\":{\"@id\":\"https:\\\/\\\/www.evacapkova.eu\\\/#website\"},\"datePublished\":\"2021-03-13T15:46:52+00:00\",\"dateModified\":\"2026-01-11T06:43:43+00:00\",\"breadcrumb\":{\"@id\":\"https:\\\/\\\/www.evacapkova.eu\\\/index.php\\\/o-mne\\\/#breadcrumb\"},\"inLanguage\":\"de\",\"potentialAction\":[{\"@type\":\"ReadAction\",\"target\":[\"https:\\\/\\\/www.evacapkova.eu\\\/index.php\\\/o-mne\\\/\"]}]},{\"@type\":\"BreadcrumbList\",\"@id\":\"https:\\\/\\\/www.evacapkova.eu\\\/index.php\\\/o-mne\\\/#breadcrumb\",\"itemListElement\":[{\"@type\":\"ListItem\",\"position\":1,\"name\":\"Startseite\",\"item\":\"https:\\\/\\\/www.evacapkova.eu\\\/\"},{\"@type\":\"ListItem\",\"position\":2,\"name\":\"O m\u00e9 v\u00fdtvarn\u00e9 pr\u00e1ci\\\/About my artistic work\"}]},{\"@type\":\"WebSite\",\"@id\":\"https:\\\/\\\/www.evacapkova.eu\\\/#website\",\"url\":\"https:\\\/\\\/www.evacapkova.eu\\\/\",\"name\":\"Eva \u010capkov\u00e1\",\"description\":\"evacapkova.eu\",\"publisher\":{\"@id\":\"https:\\\/\\\/www.evacapkova.eu\\\/#\\\/schema\\\/person\\\/2d860a0ae0bb0d7f026e5a73338a069c\"},\"potentialAction\":[{\"@type\":\"SearchAction\",\"target\":{\"@type\":\"EntryPoint\",\"urlTemplate\":\"https:\\\/\\\/www.evacapkova.eu\\\/?s={search_term_string}\"},\"query-input\":{\"@type\":\"PropertyValueSpecification\",\"valueRequired\":true,\"valueName\":\"search_term_string\"}}],\"inLanguage\":\"de\"},{\"@type\":[\"Person\",\"Organization\"],\"@id\":\"https:\\\/\\\/www.evacapkova.eu\\\/#\\\/schema\\\/person\\\/2d860a0ae0bb0d7f026e5a73338a069c\",\"name\":\"Eva \u010capkov\u00e1\",\"image\":{\"@type\":\"ImageObject\",\"inLanguage\":\"de\",\"@id\":\"https:\\\/\\\/secure.gravatar.com\\\/avatar\\\/930eb15065d3d272649b176d44ccf3c1d27b505b02fd07a9a7d5c580d9347ce8?s=96&d=mm&r=g\",\"url\":\"https:\\\/\\\/secure.gravatar.com\\\/avatar\\\/930eb15065d3d272649b176d44ccf3c1d27b505b02fd07a9a7d5c580d9347ce8?s=96&d=mm&r=g\",\"contentUrl\":\"https:\\\/\\\/secure.gravatar.com\\\/avatar\\\/930eb15065d3d272649b176d44ccf3c1d27b505b02fd07a9a7d5c580d9347ce8?s=96&d=mm&r=g\",\"caption\":\"Eva \u010capkov\u00e1\"},\"logo\":{\"@id\":\"https:\\\/\\\/secure.gravatar.com\\\/avatar\\\/930eb15065d3d272649b176d44ccf3c1d27b505b02fd07a9a7d5c580d9347ce8?s=96&d=mm&r=g\"},\"sameAs\":[\"https:\\\/\\\/www.evacapkova.eu\\\/\",\"jentakprodlouhouchvili\"]}]}<\/script>\n<!-- \/ Yoast SEO plugin. -->","yoast_head_json":{"title":"O m\u00e9 v\u00fdtvarn\u00e9 pr\u00e1ci\/About my artistic work - Eva \u010capkov\u00e1","robots":{"index":"index","follow":"follow","max-snippet":"max-snippet:-1","max-image-preview":"max-image-preview:large","max-video-preview":"max-video-preview:-1"},"canonical":"https:\/\/www.evacapkova.eu\/index.php\/o-mne\/","og_locale":"de_DE","og_type":"article","og_title":"O m\u00e9 v\u00fdtvarn\u00e9 pr\u00e1ci\/About my artistic work - Eva \u010capkov\u00e1","og_description":"O malb\u011b\/About painting Witnesses of Time Another theme is \u201cwitnesses\u201d. With this term, I mean, for example, stones such as menhirs, various rock formations in the landscape, or sacred trees that share the same space with us but not the same time. For these witnesses, our life is merely a minor episode. They are witnesses&hellip; O m\u00e9 v\u00fdtvarn\u00e9 pr\u00e1ci\/About my artistic work weiterlesen","og_url":"https:\/\/www.evacapkova.eu\/index.php\/o-mne\/","og_site_name":"Eva \u010capkov\u00e1","article_modified_time":"2026-01-11T06:43:43+00:00","twitter_card":"summary_large_image","twitter_misc":{"Gesch\u00e4tzte Lesezeit":"8\u00a0Minuten"},"schema":{"@context":"https:\/\/schema.org","@graph":[{"@type":"WebPage","@id":"https:\/\/www.evacapkova.eu\/index.php\/o-mne\/","url":"https:\/\/www.evacapkova.eu\/index.php\/o-mne\/","name":"O m\u00e9 v\u00fdtvarn\u00e9 pr\u00e1ci\/About my artistic work - Eva \u010capkov\u00e1","isPartOf":{"@id":"https:\/\/www.evacapkova.eu\/#website"},"datePublished":"2021-03-13T15:46:52+00:00","dateModified":"2026-01-11T06:43:43+00:00","breadcrumb":{"@id":"https:\/\/www.evacapkova.eu\/index.php\/o-mne\/#breadcrumb"},"inLanguage":"de","potentialAction":[{"@type":"ReadAction","target":["https:\/\/www.evacapkova.eu\/index.php\/o-mne\/"]}]},{"@type":"BreadcrumbList","@id":"https:\/\/www.evacapkova.eu\/index.php\/o-mne\/#breadcrumb","itemListElement":[{"@type":"ListItem","position":1,"name":"Startseite","item":"https:\/\/www.evacapkova.eu\/"},{"@type":"ListItem","position":2,"name":"O m\u00e9 v\u00fdtvarn\u00e9 pr\u00e1ci\/About my artistic work"}]},{"@type":"WebSite","@id":"https:\/\/www.evacapkova.eu\/#website","url":"https:\/\/www.evacapkova.eu\/","name":"Eva \u010capkov\u00e1","description":"evacapkova.eu","publisher":{"@id":"https:\/\/www.evacapkova.eu\/#\/schema\/person\/2d860a0ae0bb0d7f026e5a73338a069c"},"potentialAction":[{"@type":"SearchAction","target":{"@type":"EntryPoint","urlTemplate":"https:\/\/www.evacapkova.eu\/?s={search_term_string}"},"query-input":{"@type":"PropertyValueSpecification","valueRequired":true,"valueName":"search_term_string"}}],"inLanguage":"de"},{"@type":["Person","Organization"],"@id":"https:\/\/www.evacapkova.eu\/#\/schema\/person\/2d860a0ae0bb0d7f026e5a73338a069c","name":"Eva \u010capkov\u00e1","image":{"@type":"ImageObject","inLanguage":"de","@id":"https:\/\/secure.gravatar.com\/avatar\/930eb15065d3d272649b176d44ccf3c1d27b505b02fd07a9a7d5c580d9347ce8?s=96&d=mm&r=g","url":"https:\/\/secure.gravatar.com\/avatar\/930eb15065d3d272649b176d44ccf3c1d27b505b02fd07a9a7d5c580d9347ce8?s=96&d=mm&r=g","contentUrl":"https:\/\/secure.gravatar.com\/avatar\/930eb15065d3d272649b176d44ccf3c1d27b505b02fd07a9a7d5c580d9347ce8?s=96&d=mm&r=g","caption":"Eva \u010capkov\u00e1"},"logo":{"@id":"https:\/\/secure.gravatar.com\/avatar\/930eb15065d3d272649b176d44ccf3c1d27b505b02fd07a9a7d5c580d9347ce8?s=96&d=mm&r=g"},"sameAs":["https:\/\/www.evacapkova.eu\/","jentakprodlouhouchvili"]}]}},"_links":{"self":[{"href":"https:\/\/www.evacapkova.eu\/index.php\/wp-json\/wp\/v2\/pages\/223","targetHints":{"allow":["GET"]}}],"collection":[{"href":"https:\/\/www.evacapkova.eu\/index.php\/wp-json\/wp\/v2\/pages"}],"about":[{"href":"https:\/\/www.evacapkova.eu\/index.php\/wp-json\/wp\/v2\/types\/page"}],"author":[{"embeddable":true,"href":"https:\/\/www.evacapkova.eu\/index.php\/wp-json\/wp\/v2\/users\/1"}],"replies":[{"embeddable":true,"href":"https:\/\/www.evacapkova.eu\/index.php\/wp-json\/wp\/v2\/comments?post=223"}],"version-history":[{"count":39,"href":"https:\/\/www.evacapkova.eu\/index.php\/wp-json\/wp\/v2\/pages\/223\/revisions"}],"predecessor-version":[{"id":2222,"href":"https:\/\/www.evacapkova.eu\/index.php\/wp-json\/wp\/v2\/pages\/223\/revisions\/2222"}],"wp:attachment":[{"href":"https:\/\/www.evacapkova.eu\/index.php\/wp-json\/wp\/v2\/media?parent=223"}],"curies":[{"name":"wp","href":"https:\/\/api.w.org\/{rel}","templated":true}]}}